{"id":7436,"date":"2024-06-28T07:56:00","date_gmt":"2024-06-28T07:56:00","guid":{"rendered":"https:\/\/redflag-project.eu\/?page_id=7436"},"modified":"2024-11-18T08:23:00","modified_gmt":"2024-11-18T08:23:00","slug":"partnerzy","status":"publish","type":"page","link":"https:\/\/redflag-project.eu\/pl\/partnerzy\/","title":{"rendered":"Partnerzy"},"content":{"rendered":"\t\t<div data-elementor-type=\"wp-page\" data-elementor-id=\"7436\" class=\"elementor elementor-7436 elementor-5468\">\n\t\t\t\t<div class=\"elementor-element elementor-element-2e2fa094 e-flex e-con-boxed e-con e-parent\" data-id=\"2e2fa094\" data-element_type=\"container\" data-settings=\"{&quot;background_background&quot;:&quot;classic&quot;}\">\n\t\t\t\t\t<div class=\"e-con-inner\">\n\t\t<div class=\"elementor-element elementor-element-4d906151 e-con-full e-flex e-con e-child\" data-id=\"4d906151\" data-element_type=\"container\">\n\t\t\t\t<div class=\"elementor-element elementor-element-28101450 elementor-widget elementor-widget-image\" data-id=\"28101450\" data-element_type=\"widget\" data-widget_type=\"image.default\">\n\t\t\t\t<div class=\"elementor-widget-container\">\n\t\t\t\t\t\t\t\t\t\t\t\t\t\t\t<img decoding=\"async\" src=\"https:\/\/redflag-project.eu\/wp-content\/uploads\/elementor\/thumbs\/Logo_PortaAperta_Transparent-qqezv84akdbc37hqch1sqrsld8qj48gwc9omocq9s0.png\" title=\"Logo_PortaAperta_Transparent\" alt=\"Logo_PortaAperta_Transparent\" loading=\"lazy\" \/>\t\t\t\t\t\t\t\t\t\t\t\t\t\t\t<\/div>\n\t\t\t\t<\/div>\n\t\t\t\t<\/div>\n\t\t<div class=\"elementor-element elementor-element-5619ff36 e-con-full e-flex e-con e-child\" data-id=\"5619ff36\" data-element_type=\"container\">\n\t\t\t\t<div class=\"elementor-element elementor-element-3b03c5f8 elementor-widget elementor-widget-heading\" data-id=\"3b03c5f8\" data-element_type=\"widget\" data-widget_type=\"heading.default\">\n\t\t\t\t<div class=\"elementor-widget-container\">\n\t\t\t\t\t<h1 class=\"elementor-heading-title elementor-size-default\">Porta Aperta<\/h1>\t\t\t\t<\/div>\n\t\t\t\t<\/div>\n\t\t\t\t<div class=\"elementor-element elementor-element-4648efcd elementor-widget elementor-widget-heading\" data-id=\"4648efcd\" data-element_type=\"widget\" data-widget_type=\"heading.default\">\n\t\t\t\t<div class=\"elementor-widget-container\">\n\t\t\t\t\t<h2 class=\"elementor-heading-title elementor-size-default\">W\u0142ochy<\/h2>\t\t\t\t<\/div>\n\t\t\t\t<\/div>\n\t\t\t\t<div class=\"elementor-element elementor-element-4e4a1285 elementor-widget elementor-widget-heading\" data-id=\"4e4a1285\" data-element_type=\"widget\" data-widget_type=\"heading.default\">\n\t\t\t\t<div class=\"elementor-widget-container\">\n\t\t\t\t\t<p class=\"elementor-heading-title elementor-size-default\"><a href=\"https:\/\/www.portapertaonlus.it\/\">www.portapertaonlus.it<\/a><\/p>\t\t\t\t<\/div>\n\t\t\t\t<\/div>\n\t\t\t\t<\/div>\n\t\t<div class=\"elementor-element elementor-element-1a869ae8 e-con-full e-flex e-con e-child\" data-id=\"1a869ae8\" data-element_type=\"container\">\n\t\t\t\t<div class=\"elementor-element elementor-element-4038cca7 elementor-widget elementor-widget-text-editor\" data-id=\"4038cca7\" data-element_type=\"widget\" data-widget_type=\"text-editor.default\">\n\t\t\t\t<div class=\"elementor-widget-container\">\n\t\t\t\t\t\t\t\t\t<p>Porta Aperta zosta\u0142a za\u0142o\u017cona w 2001 roku jako sp\u00f3\u0142dzielnia socjalna typu A pod nazw\u0105 \u201ePorta Aperta Piccola Societ\u00e0 Cooperativa Sociale a rl\u201d. W 2005 roku zmieni\u0142a nazw\u0119 na obecn\u0105 i w tym samym roku przyczyni\u0142a si\u0119 do powstania Konsorcjum Sp\u00f3\u0142dzielni Socjalnych \u201eAndalas de Amistade\u201d.<\/p><p>Porta Aperta stawia cz\u0142owieka w centrum swojej dzia\u0142alno\u015bci, przyjmuj\u0105c metodologi\u0119 pracy maj\u0105c\u0105 na celu popraw\u0119 dobrostanu i jako\u015bci \u017cycia wszystkich os\u00f3b zaanga\u017cowanych w \u017cycie i prac\u0119 Sp\u00f3\u0142dzielni, a mianowicie:<\/p><ul><li>ich zasoby ludzkie: d\u0105\u017cy do optymalizacji umiej\u0119tno\u015bci ludzkich, kulturowych, zawodowych i ekonomicznych poprzez sta\u0142e szkolenia, wsparcie psychologa-superwizora oraz metodologi\u0119 ograniczania rotacji opart\u0105 na s\u0142uchaniu potrzeb ka\u017cdego pracownika.<\/li><li>osoby, kt\u00f3re korzystaj\u0105 z ich dzia\u0142alno\u015bci: dzia\u0142a na podstawie spersonalizowanych plan\u00f3w interwencyjnych, uwzgl\u0119dniaj\u0105cych ka\u017cdy aspekt osoby zaanga\u017cowanej, oraz promuje wielodyscyplinarne zespo\u0142y, aby odpowiedzie\u0107 na wszelkie potrzeby.<\/li><li>instytucje publiczne i prywatne oraz organizacje, z kt\u00f3rymi realizuje us\u0142ugi lub wsp\u00f3\u0142pracuje: z uwag\u0105 na potrzeby spo\u0142eczne kontekstu terytorialnego, organizuje us\u0142ugi skoncentrowane na wsp\u00f3\u0142pracy sieciowej z zasobami dost\u0119pnymi w danym obszarze.<\/li><\/ul>\t\t\t\t\t\t\t\t<\/div>\n\t\t\t\t<\/div>\n\t\t\t\t<\/div>\n\t\t\t\t\t<\/div>\n\t\t\t\t<\/div>\n\t\t<div class=\"elementor-element elementor-element-521f233 e-flex e-con-boxed e-con e-parent\" data-id=\"521f233\" data-element_type=\"container\" data-settings=\"{&quot;background_background&quot;:&quot;classic&quot;}\">\n\t\t\t\t\t<div class=\"e-con-inner\">\n\t\t<div class=\"elementor-element elementor-element-652232b e-con-full e-flex e-con e-child\" data-id=\"652232b\" data-element_type=\"container\">\n\t\t\t\t<div class=\"elementor-element elementor-element-ed3a91b elementor-widget elementor-widget-image\" data-id=\"ed3a91b\" data-element_type=\"widget\" data-widget_type=\"image.default\">\n\t\t\t\t<div class=\"elementor-widget-container\">\n\t\t\t\t\t\t\t\t\t\t\t\t\t\t\t<img decoding=\"async\" src=\"https:\/\/redflag-project.eu\/wp-content\/uploads\/elementor\/thumbs\/PEDRA-Verticale-Trasparente-qqezv4cxt166srn6yffagsqqzp929g1yzr2or8vugw.png\" title=\"PEDRA Verticale Trasparente\" alt=\"PEDRA Verticale Trasparente\" loading=\"lazy\" \/>\t\t\t\t\t\t\t\t\t\t\t\t\t\t\t<\/div>\n\t\t\t\t<\/div>\n\t\t\t\t<\/div>\n\t\t<div class=\"elementor-element elementor-element-1b121d2 e-con-full e-flex e-con e-child\" data-id=\"1b121d2\" data-element_type=\"container\">\n\t\t\t\t<div class=\"elementor-element elementor-element-2772b5a elementor-widget elementor-widget-heading\" data-id=\"2772b5a\" data-element_type=\"widget\" data-widget_type=\"heading.default\">\n\t\t\t\t<div class=\"elementor-widget-container\">\n\t\t\t\t\t<h1 class=\"elementor-heading-title elementor-size-default\">Fundacja Pedra<\/h1>\t\t\t\t<\/div>\n\t\t\t\t<\/div>\n\t\t\t\t<div class=\"elementor-element elementor-element-84cdf77 elementor-widget elementor-widget-heading\" data-id=\"84cdf77\" data-element_type=\"widget\" data-widget_type=\"heading.default\">\n\t\t\t\t<div class=\"elementor-widget-container\">\n\t\t\t\t\t<h2 class=\"elementor-heading-title elementor-size-default\">Polska<\/h2>\t\t\t\t<\/div>\n\t\t\t\t<\/div>\n\t\t\t\t<div class=\"elementor-element elementor-element-1fabe57 elementor-widget elementor-widget-heading\" data-id=\"1fabe57\" data-element_type=\"widget\" data-widget_type=\"heading.default\">\n\t\t\t\t<div class=\"elementor-widget-container\">\n\t\t\t\t\t<p class=\"elementor-heading-title elementor-size-default\"><a href=\"https:\/\/www.fundacjapedra.eu\/\">www.fundacjapedra.eu<\/a><\/p>\t\t\t\t<\/div>\n\t\t\t\t<\/div>\n\t\t\t\t<\/div>\n\t\t<div class=\"elementor-element elementor-element-68767be e-con-full e-flex e-con e-child\" data-id=\"68767be\" data-element_type=\"container\">\n\t\t\t\t<div class=\"elementor-element elementor-element-2378a2a elementor-widget elementor-widget-text-editor\" data-id=\"2378a2a\" data-element_type=\"widget\" data-widget_type=\"text-editor.default\">\n\t\t\t\t<div class=\"elementor-widget-container\">\n\t\t\t\t\t\t\t\t\t<section class=\"elementor-section elementor-top-section elementor-element elementor-element-b539ac2 elementor-section-boxed elementor-section-height-default elementor-section-height-default\" data-id=\"b539ac2\" data-element_type=\"section\"><div class=\"elementor-container elementor-column-gap-default\"><div class=\"elementor-column elementor-col-100 elementor-top-column elementor-element elementor-element-7daf037\" data-id=\"7daf037\" data-element_type=\"column\"><div class=\"elementor-widget-wrap elementor-element-populated\"><div class=\"elementor-element elementor-element-d458a14 elementor-widget elementor-widget-text-editor\" data-id=\"d458a14\" data-element_type=\"widget\" data-widget_type=\"text-editor.default\"><div class=\"elementor-widget-container\"><p>Fundacja Pedra dzia\u0142a na rzecz \u0142\u0105czenia kultur, prze\u0142amywania barier i tworzenia rozwi\u0105za\u0144 na rzecz lepszego jutra. Ich misja opiera si\u0119 na niezachwianym zaanga\u017cowaniu w promowanie otwarto\u015bci, szacunku oraz \u015bwi\u0119towania r\u00f3\u017cnorodno\u015bci, kszta\u0142tuj\u0105c wsp\u00f3lne poczucie globalnego obywatelstwa, kt\u00f3re nie zna granic.<\/p><p>Pedraanga\u017cuje si\u0119 w tworzenie spo\u0142ecze\u0144stwa, w kt\u00f3rym ka\u017cdy ma mo\u017cliwo\u015b\u0107 rozwoju. Dzi\u0119ki strategicznym partnerstwom usuwa bariery i zapewnia dost\u0119p do cyfrowych umiej\u0119tno\u015bci, przygotowuj\u0105c ludzi na wyzwania ery cyfrowej. Jako zwolennicy przedsi\u0119biorczo\u015bci spo\u0142ecznej wspieraj\u0105 innowacyjne rozwi\u0105zania, kt\u00f3re prowadz\u0105 do realnych zmian.<\/p><p>Zesp\u00f3\u0142 Fundacji wsp\u00f3\u0142pracuje z r\u00f3\u017cnymi organizacjami, opracowuj\u0105c skuteczne strategie i zach\u0119caj\u0105c do obywatelskiego zaanga\u017cowania. Razem buduj\u0105 \u015bwiadomo\u015b\u0107, inicjuj\u0105 dzia\u0142ania i wprowadzaj\u0105 zmiany, kt\u00f3re maj\u0105 realny wp\u0142yw na spo\u0142eczno\u015bci.<\/p><\/div><\/div><\/div><\/div><\/div><\/section>\t\t\t\t\t\t\t\t<\/div>\n\t\t\t\t<\/div>\n\t\t\t\t<\/div>\n\t\t\t\t\t<\/div>\n\t\t\t\t<\/div>\n\t\t<div class=\"elementor-element elementor-element-8b76586 e-flex e-con-boxed e-con e-parent\" data-id=\"8b76586\" data-element_type=\"container\" data-settings=\"{&quot;background_background&quot;:&quot;classic&quot;}\">\n\t\t\t\t\t<div class=\"e-con-inner\">\n\t\t<div class=\"elementor-element elementor-element-71877a7 e-con-full e-flex e-con e-child\" data-id=\"71877a7\" data-element_type=\"container\">\n\t\t\t\t<div class=\"elementor-element elementor-element-eb86fe2 elementor-widget elementor-widget-image\" data-id=\"eb86fe2\" data-element_type=\"widget\" data-widget_type=\"image.default\">\n\t\t\t\t<div class=\"elementor-widget-container\">\n\t\t\t\t\t\t\t\t\t\t\t\t\t\t\t<img fetchpriority=\"high\" decoding=\"async\" width=\"484\" height=\"150\" src=\"https:\/\/redflag-project.eu\/wp-content\/uploads\/2024\/06\/FAROS-ETE_logo_color.png\" class=\"attachment-large size-large wp-image-6034\" alt=\"\" srcset=\"https:\/\/redflag-project.eu\/wp-content\/uploads\/2024\/06\/FAROS-ETE_logo_color.png 484w, https:\/\/redflag-project.eu\/wp-content\/uploads\/2024\/06\/FAROS-ETE_logo_color-300x93.png 300w\" sizes=\"(max-width: 484px) 100vw, 484px\" \/>\t\t\t\t\t\t\t\t\t\t\t\t\t\t\t<\/div>\n\t\t\t\t<\/div>\n\t\t\t\t<\/div>\n\t\t<div class=\"elementor-element elementor-element-9855160 e-con-full e-flex e-con e-child\" data-id=\"9855160\" data-element_type=\"container\">\n\t\t\t\t<div class=\"elementor-element elementor-element-cd40f77 elementor-widget elementor-widget-heading\" data-id=\"cd40f77\" data-element_type=\"widget\" data-widget_type=\"heading.default\">\n\t\t\t\t<div class=\"elementor-widget-container\">\n\t\t\t\t\t<h1 class=\"elementor-heading-title elementor-size-default\">ETE FAROS<\/h1>\t\t\t\t<\/div>\n\t\t\t\t<\/div>\n\t\t\t\t<div class=\"elementor-element elementor-element-3d4a1cd elementor-widget elementor-widget-heading\" data-id=\"3d4a1cd\" data-element_type=\"widget\" data-widget_type=\"heading.default\">\n\t\t\t\t<div class=\"elementor-widget-container\">\n\t\t\t\t\t<h2 class=\"elementor-heading-title elementor-size-default\">Cypr<\/h2>\t\t\t\t<\/div>\n\t\t\t\t<\/div>\n\t\t\t\t<div class=\"elementor-element elementor-element-dc9a885 elementor-widget elementor-widget-heading\" data-id=\"dc9a885\" data-element_type=\"widget\" data-widget_type=\"heading.default\">\n\t\t\t\t<div class=\"elementor-widget-container\">\n\t\t\t\t\t<p class=\"elementor-heading-title elementor-size-default\"><a href=\"https:\/\/etefaros.eu\/\">www.etefaros.eu<\/a><\/p>\t\t\t\t<\/div>\n\t\t\t\t<\/div>\n\t\t\t\t<\/div>\n\t\t<div class=\"elementor-element elementor-element-e156ec0 e-con-full e-flex e-con e-child\" data-id=\"e156ec0\" data-element_type=\"container\">\n\t\t\t\t<div class=\"elementor-element elementor-element-a2d7d53 elementor-widget elementor-widget-text-editor\" data-id=\"a2d7d53\" data-element_type=\"widget\" data-widget_type=\"text-editor.default\">\n\t\t\t\t<div class=\"elementor-widget-container\">\n\t\t\t\t\t\t\t\t\t<p>Za\u0142o\u017cona w 1998 roku, w okresie kluczowych reform edukacyjnych nap\u0119dzanych post\u0119pem technologicznym, firma PCX Computers & Information Systems Ltd zmieni\u0142a nazw\u0119 na ETE FAROS LTD w 2023 roku. Specjalizuj\u0105c si\u0119 w PRZEDSI\u0118BIORCZO\u015aCI \u2013 TECHNOLOGII \u2013 EDUKACJI, FAROS koncentruje si\u0119 na \u015bwiadczeniu us\u0142ug doradczych najwy\u017cszej jako\u015bci oraz innowacyjnych szkole\u0144. Firma skupia si\u0119 na opracowywaniu rozwi\u0105za\u0144 ICT dla M\u015aP, w tym system\u00f3w ERP i CRM, a tak\u017ce oferuje ekspertyz\u0119 w zakresie tworzenia platform e-learningowych. Zesp\u00f3\u0142 10 ekspert\u00f3w FAROS wspiera wsp\u00f3\u0142prac\u0119 z zewn\u0119trznymi instytucjami edukacyjnymi, promuje przedsi\u0119biorczo\u015b\u0107 i anga\u017cuje si\u0119 w projekty europejskie, maj\u0105ce na celu zwi\u0119kszenie kompetencji cyfrowych oraz rozw\u00f3j M\u015aP. Zobowi\u0105zany do doskona\u0142o\u015bci, FAROS wspiera cyfryzacj\u0119 w sektorach biznesowym i edukacyjnym.<\/p>\t\t\t\t\t\t\t\t<\/div>\n\t\t\t\t<\/div>\n\t\t\t\t<\/div>\n\t\t\t\t\t<\/div>\n\t\t\t\t<\/div>\n\t\t<div class=\"elementor-element elementor-element-9079e7a e-flex e-con-boxed e-con e-parent\" data-id=\"9079e7a\" data-element_type=\"container\" data-settings=\"{&quot;background_background&quot;:&quot;classic&quot;}\">\n\t\t\t\t\t<div class=\"e-con-inner\">\n\t\t<div class=\"elementor-element elementor-element-3bdcc20 e-con-full e-flex e-con e-child\" data-id=\"3bdcc20\" data-element_type=\"container\">\n\t\t\t\t<div class=\"elementor-element elementor-element-9ae10c6 elementor-widget elementor-widget-image\" data-id=\"9ae10c6\" data-element_type=\"widget\" data-widget_type=\"image.default\">\n\t\t\t\t<div class=\"elementor-widget-container\">\n\t\t\t\t\t\t\t\t\t\t\t\t\t\t\t<img decoding=\"async\" src=\"https:\/\/redflag-project.eu\/wp-content\/uploads\/elementor\/thumbs\/yspdb_en-qqezv68m6p8rfzkgng8jls9o6gzsou9fo0dnpst24g.png\" title=\"yspdb_en\" alt=\"yspdb_en\" loading=\"lazy\" \/>\t\t\t\t\t\t\t\t\t\t\t\t\t\t\t<\/div>\n\t\t\t\t<\/div>\n\t\t\t\t<\/div>\n\t\t<div class=\"elementor-element elementor-element-9cc2ac7 e-con-full e-flex e-con e-child\" data-id=\"9cc2ac7\" data-element_type=\"container\">\n\t\t\t\t<div class=\"elementor-element elementor-element-f9f533f elementor-widget elementor-widget-heading\" data-id=\"f9f533f\" data-element_type=\"widget\" data-widget_type=\"heading.default\">\n\t\t\t\t<div class=\"elementor-widget-container\">\n\t\t\t\t\t<h1 class=\"elementor-heading-title elementor-size-default\">Youth Society for Peace and Development of the Balkans (YSPDB)<\/h1>\t\t\t\t<\/div>\n\t\t\t\t<\/div>\n\t\t\t\t<div class=\"elementor-element elementor-element-c8faa15 elementor-widget elementor-widget-heading\" data-id=\"c8faa15\" data-element_type=\"widget\" data-widget_type=\"heading.default\">\n\t\t\t\t<div class=\"elementor-widget-container\">\n\t\t\t\t\t<h2 class=\"elementor-heading-title elementor-size-default\">Bu\u0142garia<\/h2>\t\t\t\t<\/div>\n\t\t\t\t<\/div>\n\t\t\t\t<div class=\"elementor-element elementor-element-40ef46e elementor-widget elementor-widget-heading\" data-id=\"40ef46e\" data-element_type=\"widget\" data-widget_type=\"heading.default\">\n\t\t\t\t<div class=\"elementor-widget-container\">\n\t\t\t\t\t<p class=\"elementor-heading-title elementor-size-default\"><a href=\"https:\/\/yspdb.org\/\">yspdb.org<\/a><\/p>\t\t\t\t<\/div>\n\t\t\t\t<\/div>\n\t\t\t\t<\/div>\n\t\t<div class=\"elementor-element elementor-element-2576a35 e-con-full e-flex e-con e-child\" data-id=\"2576a35\" data-element_type=\"container\">\n\t\t\t\t<div class=\"elementor-element elementor-element-7d61d03 elementor-widget elementor-widget-text-editor\" data-id=\"7d61d03\" data-element_type=\"widget\" data-widget_type=\"text-editor.default\">\n\t\t\t\t<div class=\"elementor-widget-container\">\n\t\t\t\t\t\t\t\t\t<p>M\u0142odzie\u017cowe Stowarzyszenie na Rzecz Pokoju i Rozwoju Ba\u0142kan\u00f3w (YSPDB) zosta\u0142o za\u0142o\u017cone w 1998 roku jako nieformalne grono lider\u00f3w organizacji m\u0142odzie\u017cowych. Zosta\u0142o oficjalnie zarejestrowane jako organizacja pozarz\u0105dowa w 2001 roku zgodnie z bu\u0142garskim prawem. YSPDB sk\u0142ada si\u0119 z m\u0142odych ludzi, pracownik\u00f3w m\u0142odzie\u017cowych, ekspert\u00f3w oraz obywateli. Organizacja jest zaanga\u017cowana w wzmacnianie m\u0142odych os\u00f3b, oferuj\u0105c im mo\u017cliwo\u015bci rozwoju ich potencja\u0142u oraz stawania si\u0119 aktywnymi, \u015bwiadomymi i konstruktywnymi cz\u0142onkami spo\u0142ecze\u0144stwa poprzez skuteczn\u0105 prac\u0119 z m\u0142odzie\u017c\u0105.<\/p>\t\t\t\t\t\t\t\t<\/div>\n\t\t\t\t<\/div>\n\t\t\t\t<\/div>\n\t\t\t\t\t<\/div>\n\t\t\t\t<\/div>\n\t\t\t\t<\/div>\n\t\t","protected":false},"excerpt":{"rendered":"<p>Porta Aperta W\u0142ochy www.portapertaonlus.it Porta Aperta zosta\u0142a za\u0142o\u017cona w 2001 roku jako sp\u00f3\u0142dzielnia socjalna typu A pod nazw\u0105 \u201ePorta Aperta Piccola Societ\u00e0 Cooperativa Sociale a rl\u201d. W 2005 roku zmieni\u0142a nazw\u0119 na obecn\u0105 i w tym samym roku przyczyni\u0142a si\u0119 do powstania Konsorcjum Sp\u00f3\u0142dzielni Socjalnych \u201eAndalas de Amistade\u201d. Porta Aperta stawia cz\u0142owieka w centrum swojej [&hellip;]<\/p>\n","protected":false},"author":1,"featured_media":0,"parent":0,"menu_order":0,"comment_status":"closed","ping_status":"closed","template":"","meta":{"footnotes":""},"class_list":["post-7436","page","type-page","status-publish","hentry"],"_links":{"self":[{"href":"https:\/\/redflag-project.eu\/pl\/wp-json\/wp\/v2\/pages\/7436","targetHints":{"allow":["GET"]}}],"collection":[{"href":"https:\/\/redflag-project.eu\/pl\/wp-json\/wp\/v2\/pages"}],"about":[{"href":"https:\/\/redflag-project.eu\/pl\/wp-json\/wp\/v2\/types\/page"}],"author":[{"embeddable":true,"href":"https:\/\/redflag-project.eu\/pl\/wp-json\/wp\/v2\/users\/1"}],"replies":[{"embeddable":true,"href":"https:\/\/redflag-project.eu\/pl\/wp-json\/wp\/v2\/comments?post=7436"}],"version-history":[{"count":0,"href":"https:\/\/redflag-project.eu\/pl\/wp-json\/wp\/v2\/pages\/7436\/revisions"}],"wp:attachment":[{"href":"https:\/\/redflag-project.eu\/pl\/wp-json\/wp\/v2\/media?parent=7436"}],"curies":[{"name":"wp","href":"https:\/\/api.w.org\/{rel}","templated":true}]}}